{"id":236,"date":"2016-10-22T15:56:17","date_gmt":"2016-10-22T13:56:17","guid":{"rendered":"http:\/\/wordpress.gitedemontagne-forez.fr\/?page_id=236"},"modified":"2026-01-09T16:52:53","modified_gmt":"2026-01-09T15:52:53","slug":"nos-chambres","status":"publish","type":"page","link":"https:\/\/www.gitedemontagne-forez.fr\/index.php\/accueil\/descriptif\/nos-chambres\/","title":{"rendered":"Les Pi\u00e8ces"},"content":{"rendered":"<h3><span style=\"color: #993366;\"><strong>Les chambres<\/strong><\/span><\/h3>\n<p style=\"padding-left: 60px;\"><span style=\"text-decoration: underline; color: #993366;\"><a href=\"http:\/\/wordpress.gitedemontagne-forez.fr\/wp-content\/uploads\/2016\/10\/\u00e9pilobes_icone.jpg\"><img loading=\"lazy\" class=\"alignnone wp-image-88\" src=\"http:\/\/wordpress.gitedemontagne-forez.fr\/wp-content\/uploads\/2016\/10\/\u00e9pilobes_icone.jpg\" alt=\"epilobes_icone\" width=\"50\" height=\"49\" srcset=\"https:\/\/www.gitedemontagne-forez.fr\/wp-content\/uploads\/2016\/10\/\u00e9pilobes_icone.jpg 161w, https:\/\/www.gitedemontagne-forez.fr\/wp-content\/uploads\/2016\/10\/\u00e9pilobes_icone-100x97.jpg 100w, https:\/\/www.gitedemontagne-forez.fr\/wp-content\/uploads\/2016\/10\/\u00e9pilobes_icone-96x96.jpg 96w\" sizes=\"(max-width: 50px) 100vw, 50px\" \/><\/a>Chambre Epilobe<\/span><\/p>\n<p style=\"padding-left: 60px;\">La chambre Epilobe est compos\u00e9e d&rsquo;un grand lit 140<\/p>\n<p><a href=\"https:\/\/www.gitedemontagne-forez.fr\/wp-content\/uploads\/2026\/01\/1084-Murat-2-scaled.jpg\"><img loading=\"lazy\" class=\"aligncenter wp-image-596 \" src=\"https:\/\/www.gitedemontagne-forez.fr\/wp-content\/uploads\/2026\/01\/1084-Murat-2-scaled.jpg\" alt=\"2025 CHAMBRE ROUGE\" width=\"389\" height=\"260\" srcset=\"https:\/\/www.gitedemontagne-forez.fr\/wp-content\/uploads\/2026\/01\/1084-Murat-2-scaled.jpg 2560w, https:\/\/www.gitedemontagne-forez.fr\/wp-content\/uploads\/2026\/01\/1084-Murat-2-300x200.jpg 300w, https:\/\/www.gitedemontagne-forez.fr\/wp-content\/uploads\/2026\/01\/1084-Murat-2-1024x684.jpg 1024w, https:\/\/www.gitedemontagne-forez.fr\/wp-content\/uploads\/2026\/01\/1084-Murat-2-100x67.jpg 100w, https:\/\/www.gitedemontagne-forez.fr\/wp-content\/uploads\/2026\/01\/1084-Murat-2-768x513.jpg 768w, https:\/\/www.gitedemontagne-forez.fr\/wp-content\/uploads\/2026\/01\/1084-Murat-2-1536x1026.jpg 1536w, https:\/\/www.gitedemontagne-forez.fr\/wp-content\/uploads\/2026\/01\/1084-Murat-2-2048x1367.jpg 2048w, https:\/\/www.gitedemontagne-forez.fr\/wp-content\/uploads\/2026\/01\/1084-Murat-2-648x433.jpg 648w, https:\/\/www.gitedemontagne-forez.fr\/wp-content\/uploads\/2026\/01\/1084-Murat-2-288x192.jpg 288w\" sizes=\"(max-width: 389px) 100vw, 389px\" \/><\/a><\/p>\n<p>\u00a0<\/p>\n<p style=\"padding-left: 60px;\"><span style=\"text-decoration: underline; color: #993366;\"><a href=\"http:\/\/wordpress.gitedemontagne-forez.fr\/wp-content\/uploads\/2016\/10\/Bouton-jaune.jpg\"><img loading=\"lazy\" class=\"alignnone wp-image-87\" src=\"http:\/\/wordpress.gitedemontagne-forez.fr\/wp-content\/uploads\/2016\/10\/bleuet_icone.jpg\" alt=\"bleuet_icone\" width=\"49\" height=\"52\" srcset=\"https:\/\/www.gitedemontagne-forez.fr\/wp-content\/uploads\/2016\/10\/bleuet_icone.jpg 150w, https:\/\/www.gitedemontagne-forez.fr\/wp-content\/uploads\/2016\/10\/bleuet_icone-94x100.jpg 94w\" sizes=\"(max-width: 49px) 100vw, 49px\" \/><span style=\"color: #993366; text-decoration: underline;\">Chambre B<\/span><\/a>leuet<\/span><\/p>\n<p style=\"padding-left: 60px;\">La chambre Bleuet\u00a0est compos\u00e9e d&rsquo;un grand lit 140\u00a0\u00e9galement<\/p>\n<p><a href=\"https:\/\/www.gitedemontagne-forez.fr\/wp-content\/uploads\/2026\/01\/2025-CHAMBRE-BLEU-EN-1000PIXEL-e1767973260109.jpg\"><img loading=\"lazy\" class=\"aligncenter wp-image-591 \" src=\"https:\/\/www.gitedemontagne-forez.fr\/wp-content\/uploads\/2026\/01\/2025-CHAMBRE-BLEU-EN-1000PIXEL-e1767973260109.jpg\" alt=\"\" width=\"404\" height=\"269\" srcset=\"https:\/\/www.gitedemontagne-forez.fr\/wp-content\/uploads\/2026\/01\/2025-CHAMBRE-BLEU-EN-1000PIXEL-e1767973260109.jpg 1000w, https:\/\/www.gitedemontagne-forez.fr\/wp-content\/uploads\/2026\/01\/2025-CHAMBRE-BLEU-EN-1000PIXEL-e1767973260109-300x200.jpg 300w, https:\/\/www.gitedemontagne-forez.fr\/wp-content\/uploads\/2026\/01\/2025-CHAMBRE-BLEU-EN-1000PIXEL-e1767973260109-100x67.jpg 100w, https:\/\/www.gitedemontagne-forez.fr\/wp-content\/uploads\/2026\/01\/2025-CHAMBRE-BLEU-EN-1000PIXEL-e1767973260109-768x512.jpg 768w, https:\/\/www.gitedemontagne-forez.fr\/wp-content\/uploads\/2026\/01\/2025-CHAMBRE-BLEU-EN-1000PIXEL-e1767973260109-648x432.jpg 648w, https:\/\/www.gitedemontagne-forez.fr\/wp-content\/uploads\/2026\/01\/2025-CHAMBRE-BLEU-EN-1000PIXEL-e1767973260109-288x192.jpg 288w\" sizes=\"(max-width: 404px) 100vw, 404px\" \/><\/a><\/p>\n<p style=\"padding-left: 60px;\"><a style=\"font-size: 16px;\" href=\"http:\/\/wordpress.gitedemontagne-forez.fr\/wp-content\/uploads\/2016\/10\/gentiane_icone.jpg\"><img loading=\"lazy\" class=\"alignnone wp-image-89\" src=\"http:\/\/wordpress.gitedemontagne-forez.fr\/wp-content\/uploads\/2016\/10\/gentiane_icone.jpg\" alt=\"gentiane_icone\" width=\"50\" height=\"50\" srcset=\"https:\/\/www.gitedemontagne-forez.fr\/wp-content\/uploads\/2016\/10\/gentiane_icone.jpg 148w, https:\/\/www.gitedemontagne-forez.fr\/wp-content\/uploads\/2016\/10\/gentiane_icone-100x100.jpg 100w, https:\/\/www.gitedemontagne-forez.fr\/wp-content\/uploads\/2016\/10\/gentiane_icone-96x96.jpg 96w\" sizes=\"(max-width: 50px) 100vw, 50px\" \/><\/a><span style=\"color: #993366; font-size: 16px; text-decoration: underline;\">Chambre Gentiane<\/span><\/p>\n<p style=\"padding-left: 60px;\">La chambre Gentiane, quant \u00e0 elle est dot\u00e9e de deux lits\u00a0120<\/p>\n<p style=\"padding-left: 60px;\"><a style=\"font-size: 16px;\" href=\"http:\/\/wordpress.gitedemontagne-forez.fr\/wp-content\/uploads\/2016\/10\/chambre-2.jpg\"><img loading=\"lazy\" class=\"wp-image-80 alignnone\" src=\"http:\/\/wordpress.gitedemontagne-forez.fr\/wp-content\/uploads\/2016\/10\/chambre-2-300x200.jpg\" alt=\"chambre-2\" width=\"401\" height=\"267\" srcset=\"https:\/\/www.gitedemontagne-forez.fr\/wp-content\/uploads\/2016\/10\/chambre-2-300x200.jpg 300w, https:\/\/www.gitedemontagne-forez.fr\/wp-content\/uploads\/2016\/10\/chambre-2-100x67.jpg 100w, https:\/\/www.gitedemontagne-forez.fr\/wp-content\/uploads\/2016\/10\/chambre-2-768x512.jpg 768w, https:\/\/www.gitedemontagne-forez.fr\/wp-content\/uploads\/2016\/10\/chambre-2-1024x683.jpg 1024w, https:\/\/www.gitedemontagne-forez.fr\/wp-content\/uploads\/2016\/10\/chambre-2-648x432.jpg 648w, https:\/\/www.gitedemontagne-forez.fr\/wp-content\/uploads\/2016\/10\/chambre-2-288x192.jpg 288w, https:\/\/www.gitedemontagne-forez.fr\/wp-content\/uploads\/2016\/10\/chambre-2.jpg 1417w\" sizes=\"(max-width: 401px) 100vw, 401px\" \/><\/a><\/p>\n<p>\u00a0<\/p>\n<h3>\u00a0<span style=\"color: #993366;\">La\u00a0partie s\u00e9jour :<\/span><\/h3>\n<p style=\"padding-left: 60px;\">\u00a0Un grand s\u00e9jour vous attend, \u00e9quip\u00e9 d&rsquo;une cuisine ouverte toute \u00e9quip\u00e9e, d&rsquo;un coin salle \u00e0 manger et d&rsquo;un coin salon.<\/p>\n<p style=\"padding-left: 60px;\">La cuisine a \u00e9t\u00e9 r\u00e9nov\u00e9e r\u00e9cemment. Elle est tr\u00e8s bien \u00e9quip\u00e9e ( micro-onde, four, lave vaisselle, appareil a raclette, cafeti\u00e8re filtre et dosette Dolce Gusto&#8230;)<\/p>\n<p><a href=\"https:\/\/www.gitedemontagne-forez.fr\/wp-content\/uploads\/2026\/01\/1084-Murat-4-scaled.jpg\"><img loading=\"lazy\" class=\"aligncenter wp-image-590 \" src=\"https:\/\/www.gitedemontagne-forez.fr\/wp-content\/uploads\/2026\/01\/1084-Murat-4-scaled.jpg\" alt=\"\" width=\"456\" height=\"304\" srcset=\"https:\/\/www.gitedemontagne-forez.fr\/wp-content\/uploads\/2026\/01\/1084-Murat-4-scaled.jpg 2560w, https:\/\/www.gitedemontagne-forez.fr\/wp-content\/uploads\/2026\/01\/1084-Murat-4-300x200.jpg 300w, https:\/\/www.gitedemontagne-forez.fr\/wp-content\/uploads\/2026\/01\/1084-Murat-4-1024x684.jpg 1024w, https:\/\/www.gitedemontagne-forez.fr\/wp-content\/uploads\/2026\/01\/1084-Murat-4-100x67.jpg 100w, https:\/\/www.gitedemontagne-forez.fr\/wp-content\/uploads\/2026\/01\/1084-Murat-4-768x513.jpg 768w, https:\/\/www.gitedemontagne-forez.fr\/wp-content\/uploads\/2026\/01\/1084-Murat-4-1536x1026.jpg 1536w, https:\/\/www.gitedemontagne-forez.fr\/wp-content\/uploads\/2026\/01\/1084-Murat-4-2048x1367.jpg 2048w, https:\/\/www.gitedemontagne-forez.fr\/wp-content\/uploads\/2026\/01\/1084-Murat-4-648x433.jpg 648w, https:\/\/www.gitedemontagne-forez.fr\/wp-content\/uploads\/2026\/01\/1084-Murat-4-288x192.jpg 288w\" sizes=\"(max-width: 456px) 100vw, 456px\" \/><\/a><\/p>\n<figure id=\"attachment_558\" aria-describedby=\"caption-attachment-558\" style=\"width: 472px\" class=\"wp-caption aligncenter\"><a href=\"https:\/\/www.gitedemontagne-forez.fr\/wp-content\/uploads\/2021\/06\/7-mai-2021-13pixel1000.jpg\"><img loading=\"lazy\" class=\"center wp-image-558 \" src=\"https:\/\/www.gitedemontagne-forez.fr\/wp-content\/uploads\/2021\/06\/7-mai-2021-13pixel1000.jpg\" alt=\"cuisine appartenant \u00e0 notre g\u00eete la Feni\u00e8re des hautes Chaumes situ\u00e9 dans le forez proche de Chalmazel\" width=\"472\" height=\"354\" srcset=\"https:\/\/www.gitedemontagne-forez.fr\/wp-content\/uploads\/2021\/06\/7-mai-2021-13pixel1000.jpg 1000w, https:\/\/www.gitedemontagne-forez.fr\/wp-content\/uploads\/2021\/06\/7-mai-2021-13pixel1000-100x75.jpg 100w, https:\/\/www.gitedemontagne-forez.fr\/wp-content\/uploads\/2021\/06\/7-mai-2021-13pixel1000-300x225.jpg 300w, https:\/\/www.gitedemontagne-forez.fr\/wp-content\/uploads\/2021\/06\/7-mai-2021-13pixel1000-768x576.jpg 768w, https:\/\/www.gitedemontagne-forez.fr\/wp-content\/uploads\/2021\/06\/7-mai-2021-13pixel1000-648x486.jpg 648w, https:\/\/www.gitedemontagne-forez.fr\/wp-content\/uploads\/2021\/06\/7-mai-2021-13pixel1000-256x192.jpg 256w\" sizes=\"(max-width: 472px) 100vw, 472px\" \/><\/a><figcaption id=\"caption-attachment-558\" class=\"wp-caption-text\">cuisine salle a manger<\/figcaption><\/figure>\n<p>\u00a0<\/p>\n<h3>\u00a0<\/h3>\n<h3><strong><span style=\"color: #993366;\">La\u00a0salle de bains :<\/span><\/strong><\/h3>\n<p style=\"padding-left: 60px;\"><a href=\"http:\/\/wordpress.gitedemontagne-forez.fr\/wp-content\/uploads\/2016\/10\/Salle-de-bain_2.jpg\"><img loading=\"lazy\" class=\"wp-image-318 alignleft\" src=\"http:\/\/wordpress.gitedemontagne-forez.fr\/wp-content\/uploads\/2016\/10\/Salle-de-bain_2-300x227.jpg\" alt=\"salle-de-bain_2\" width=\"340\" height=\"257\" srcset=\"https:\/\/www.gitedemontagne-forez.fr\/wp-content\/uploads\/2016\/10\/Salle-de-bain_2-300x227.jpg 300w, https:\/\/www.gitedemontagne-forez.fr\/wp-content\/uploads\/2016\/10\/Salle-de-bain_2-100x76.jpg 100w, https:\/\/www.gitedemontagne-forez.fr\/wp-content\/uploads\/2016\/10\/Salle-de-bain_2-768x580.jpg 768w, https:\/\/www.gitedemontagne-forez.fr\/wp-content\/uploads\/2016\/10\/Salle-de-bain_2-1024x774.jpg 1024w, https:\/\/www.gitedemontagne-forez.fr\/wp-content\/uploads\/2016\/10\/Salle-de-bain_2-648x490.jpg 648w, https:\/\/www.gitedemontagne-forez.fr\/wp-content\/uploads\/2016\/10\/Salle-de-bain_2-254x192.jpg 254w, https:\/\/www.gitedemontagne-forez.fr\/wp-content\/uploads\/2016\/10\/Salle-de-bain_2.jpg 1069w\" sizes=\"(max-width: 340px) 100vw, 340px\" \/><\/a><\/p>\n<p style=\"padding-left: 120px;\">Une salle de bain r\u00e9cemment refaite \u00e0 neuf vous attend, \u00e9quip\u00e9e \u00e0 la fois d&rsquo;une douche et d&rsquo;une baignoire. Une\u00a0machine \u00e0 laver est mise \u00e0 votre disposition<\/p>\n\n\n<figure class=\"wp-block-image\"><img alt=\"\"\/><\/figure>\n","protected":false},"excerpt":{"rendered":"<p>Les chambres<br \/>\nChambre Epilobe<br \/>\nLa chambre Epilobe est compos\u00e9e d&rsquo;un grand lit 140<\/p>\n<p>[caption id=\"attachment_559\" align=\"alignleft\" width=\"483\"] chambre Epilobe[\/caption [&#8230;]<\/p>\n","protected":false},"author":1,"featured_media":560,"parent":15,"menu_order":13,"comment_status":"closed","ping_status":"closed","template":"","meta":[],"_links":{"self":[{"href":"https:\/\/www.gitedemontagne-forez.fr\/index.php\/wp-json\/wp\/v2\/pages\/236"}],"collection":[{"href":"https:\/\/www.gitedemontagne-forez.fr\/index.php\/wp-json\/wp\/v2\/pages"}],"about":[{"href":"https:\/\/www.gitedemontagne-forez.fr\/index.php\/wp-json\/wp\/v2\/types\/page"}],"author":[{"embeddable":true,"href":"https:\/\/www.gitedemontagne-forez.fr\/index.php\/wp-json\/wp\/v2\/users\/1"}],"replies":[{"embeddable":true,"href":"https:\/\/www.gitedemontagne-forez.fr\/index.php\/wp-json\/wp\/v2\/comments?post=236"}],"version-history":[{"count":86,"href":"https:\/\/www.gitedemontagne-forez.fr\/index.php\/wp-json\/wp\/v2\/pages\/236\/revisions"}],"predecessor-version":[{"id":597,"href":"https:\/\/www.gitedemontagne-forez.fr\/index.php\/wp-json\/wp\/v2\/pages\/236\/revisions\/597"}],"up":[{"embeddable":true,"href":"https:\/\/www.gitedemontagne-forez.fr\/index.php\/wp-json\/wp\/v2\/pages\/15"}],"wp:featuredmedia":[{"embeddable":true,"href":"https:\/\/www.gitedemontagne-forez.fr\/index.php\/wp-json\/wp\/v2\/media\/560"}],"wp:attachment":[{"href":"https:\/\/www.gitedemontagne-forez.fr\/index.php\/wp-json\/wp\/v2\/media?parent=236"}],"curies":[{"name":"wp","href":"https:\/\/api.w.org\/{rel}","templated":true}]}}